{"id":1591,"date":"2025-12-02T10:54:40","date_gmt":"2025-12-02T09:54:40","guid":{"rendered":"https:\/\/eclair2lune.fr\/?page_id=1591"},"modified":"2025-12-02T12:40:33","modified_gmt":"2025-12-02T11:40:33","slug":"les-murmures-de-la-terre-jeune-public","status":"publish","type":"page","link":"https:\/\/eclair2lune.fr\/index.php\/les-murmures-de-la-terre-jeune-public\/","title":{"rendered":"Les murmures de la Terre ( Jeune Public)"},"content":{"rendered":"\t\t<div data-elementor-type=\"wp-page\" data-elementor-id=\"1591\" class=\"elementor elementor-1591\">\n\t\t\t\t\t\t<section class=\"elementor-section elementor-top-section elementor-element elementor-element-66041aa9 elementor-section-full_width elementor-section-height-min-height elementor-section-items-stretch elementor-section-content-middle elementor-reverse-tablet elementor-reverse-mobile elementor-section-height-default\" data-id=\"66041aa9\" data-element_type=\"section\">\n\t\t\t\t\t\t<div class=\"elementor-container elementor-column-gap-no\">\n\t\t\t\t\t<div class=\"elementor-column elementor-col-50 elementor-top-column elementor-element elementor-element-6a831647\" data-id=\"6a831647\" data-element_type=\"column\">\n\t\t\t<div class=\"elementor-widget-wrap elementor-element-populated\">\n\t\t\t\t\t\t<section class=\"elementor-section elementor-inner-section elementor-element elementor-element-1731ca60 elementor-section-full_width elementor-section-height-default elementor-section-height-default\" data-id=\"1731ca60\" data-element_type=\"section\">\n\t\t\t\t\t\t<div class=\"elementor-container elementor-column-gap-no\">\n\t\t\t\t\t<div class=\"elementor-column elementor-col-100 elementor-inner-column elementor-element elementor-element-7f1ca3b7\" data-id=\"7f1ca3b7\" data-element_type=\"column\">\n\t\t\t<div class=\"elementor-widget-wrap elementor-element-populated\">\n\t\t\t\t\t\t<div class=\"elementor-element elementor-element-4e84e128 elementor-widget elementor-widget-heading\" data-id=\"4e84e128\" data-element_type=\"widget\" data-widget_type=\"heading.default\">\n\t\t\t\t<div class=\"elementor-widget-container\">\n\t\t\t<style>\/*! elementor - v3.19.0 - 07-02-2024 *\/\n.elementor-heading-title{padding:0;margin:0;line-height:1}.elementor-widget-heading .elementor-heading-title[class*=elementor-size-]>a{color:inherit;font-size:inherit;line-height:inherit}.elementor-widget-heading .elementor-heading-title.elementor-size-small{font-size:15px}.elementor-widget-heading .elementor-heading-title.elementor-size-medium{font-size:19px}.elementor-widget-heading .elementor-heading-title.elementor-size-large{font-size:29px}.elementor-widget-heading .elementor-heading-title.elementor-size-xl{font-size:39px}.elementor-widget-heading .elementor-heading-title.elementor-size-xxl{font-size:59px}<\/style><h1 class=\"elementor-heading-title elementor-size-default\">Les murmures de la Terre<\/h1>\t\t<\/div>\n\t\t\t\t<\/div>\n\t\t\t\t<div class=\"elementor-element elementor-element-065a5f2 elementor-widget__width-initial elementor-icon-list--layout-traditional elementor-list-item-link-full_width elementor-widget elementor-widget-icon-list\" data-id=\"065a5f2\" data-element_type=\"widget\" data-widget_type=\"icon-list.default\">\n\t\t\t\t<div class=\"elementor-widget-container\">\n\t\t\t<link rel=\"stylesheet\" href=\"https:\/\/eclair2lune.fr\/wp-content\/plugins\/elementor\/assets\/css\/widget-icon-list.min.css\">\t\t<ul class=\"elementor-icon-list-items\">\n\t\t\t\t\t\t\t<li class=\"elementor-icon-list-item\">\n\t\t\t\t\t\t\t\t\t\t\t<span class=\"elementor-icon-list-icon\">\n\t\t\t\t\t\t\t<i aria-hidden=\"true\" class=\"fas fa-book\"><\/i>\t\t\t\t\t\t<\/span>\n\t\t\t\t\t\t\t\t\t\t<span class=\"elementor-icon-list-text\">Fable Th\u00e9\u00e2trale et \u00e9cologique<\/span>\n\t\t\t\t\t\t\t\t\t<\/li>\n\t\t\t\t\t\t\t\t<li class=\"elementor-icon-list-item\">\n\t\t\t\t\t\t\t\t\t\t\t<span class=\"elementor-icon-list-icon\">\n\t\t\t\t\t\t\t<i aria-hidden=\"true\" class=\"far fa-grin\"><\/i>\t\t\t\t\t\t<\/span>\n\t\t\t\t\t\t\t\t\t\t<span class=\"elementor-icon-list-text\">Spectacle jeune public \u00e0 partir de 5 ans<\/span>\n\t\t\t\t\t\t\t\t\t<\/li>\n\t\t\t\t\t\t\t\t<li class=\"elementor-icon-list-item\">\n\t\t\t\t\t\t\t\t\t\t\t<span class=\"elementor-icon-list-icon\">\n\t\t\t\t\t\t\t<i aria-hidden=\"true\" class=\"fas fa-clock\"><\/i>\t\t\t\t\t\t<\/span>\n\t\t\t\t\t\t\t\t\t\t<span class=\"elementor-icon-list-text\">40 min<\/span>\n\t\t\t\t\t\t\t\t\t<\/li>\n\t\t\t\t\t\t<\/ul>\n\t\t\t\t<\/div>\n\t\t\t\t<\/div>\n\t\t\t\t<div class=\"elementor-element elementor-element-a500377 elementor-widget elementor-widget-heading\" data-id=\"a500377\" data-element_type=\"widget\" data-widget_type=\"heading.default\">\n\t\t\t\t<div class=\"elementor-widget-container\">\n\t\t\t<h2 class=\"elementor-heading-title elementor-size-default\">Th\u00e8me<\/h2>\t\t<\/div>\n\t\t\t\t<\/div>\n\t\t\t\t<div class=\"elementor-element elementor-element-6f2c6bf1 elementor-widget__width-initial elementor-widget elementor-widget-text-editor\" data-id=\"6f2c6bf1\" data-element_type=\"widget\" data-widget_type=\"text-editor.default\">\n\t\t\t\t<div class=\"elementor-widget-container\">\n\t\t\t<style>\/*! elementor - v3.19.0 - 07-02-2024 *\/\n.elementor-widget-text-editor.elementor-drop-cap-view-stacked .elementor-drop-cap{background-color:#69727d;color:#fff}.elementor-widget-text-editor.elementor-drop-cap-view-framed .elementor-drop-cap{color:#69727d;border:3px solid;background-color:transparent}.elementor-widget-text-editor:not(.elementor-drop-cap-view-default) .elementor-drop-cap{margin-top:8px}.elementor-widget-text-editor:not(.elementor-drop-cap-view-default) .elementor-drop-cap-letter{width:1em;height:1em}.elementor-widget-text-editor .elementor-drop-cap{float:left;text-align:center;line-height:1;font-size:50px}.elementor-widget-text-editor .elementor-drop-cap-letter{display:inline-block}<\/style>\t\t\t\t<p><style>\n<p>        p {<br \/>            text-align:justify;<br \/>        }<br \/>    <\/style><\/p><ul><li><p class=\"contenu-du-cadre\" align=\"JUSTIFY\"><strong><span style=\"font-family: Bookman Old Style, serif;\"><span style=\"font-size: medium;\"><span lang=\"zxx\">L\u2019engagement \u00e9cologique<\/span><\/span><\/span><\/strong><span style=\"font-family: Bookman Old Style, serif;\"><span style=\"font-size: medium;\"><span lang=\"zxx\"> \u2013 Transmettre, d\u00e8s le plus jeune \u00e2ge, une conscience environnementale.<\/span><\/span><\/span><\/p><\/li><\/ul><ul><li><p class=\"contenu-du-cadre\" align=\"JUSTIFY\"><strong><span style=\"font-family: Bookman Old Style, serif;\"><span style=\"font-size: medium;\"><span lang=\"zxx\">Les cultures autochtones<\/span><\/span><\/span><\/strong><span style=\"font-family: Bookman Old Style, serif;\"><span style=\"font-size: medium;\"><span lang=\"zxx\"> \u2013 Une d\u00e9couverte po\u00e9tique de la sagesse des peuples premiers.<\/span><\/span><\/span><\/p><\/li><\/ul><ul><li><p class=\"contenu-du-cadre\" align=\"JUSTIFY\"><strong><span style=\"font-family: Bookman Old Style, serif;\"><span style=\"font-size: medium;\"><span lang=\"zxx\">L&#8217;\u00e9coute et le dialogue<\/span><\/span><\/span><\/strong><span style=\"font-family: Bookman Old Style, serif;\"><span style=\"font-size: medium;\"><span lang=\"zxx\"> \u2013 La rencontre de deux voix, deux regards, deux univers.<\/span><\/span><\/span><\/p><\/li><li><p class=\"contenu-du-cadre\" align=\"JUSTIFY\"><strong><span style=\"font-family: Bookman Old Style, serif;\"><span style=\"font-size: medium;\"><span lang=\"zxx\">Le pouvoir des mots<\/span><\/span><\/span><\/strong><span style=\"font-family: Bookman Old Style, serif;\"><span style=\"font-size: medium;\"><span lang=\"zxx\"> \u2013 Comment une lettre peut traverser les si\u00e8cles et encore nous toucher.<\/span><\/span><\/span><\/p><\/li><li><p class=\"contenu-du-cadre\" align=\"JUSTIFY\"><strong><span style=\"font-family: Bookman Old Style, serif;\"><span style=\"font-size: medium;\"><span lang=\"zxx\">La m\u00e9moire et l\u2019histoire<\/span><\/span><\/span><\/strong><span style=\"font-family: Bookman Old Style, serif;\"><span style=\"font-size: medium;\"><span lang=\"zxx\"> \u2013 Quand le pass\u00e9 \u00e9claire le pr\u00e9sent.<\/span><\/span><\/span><\/p><p class=\"contenu-du-cadre\" lang=\"zxx\" align=\"JUSTIFY\"><span style=\"font-family: Bookman Old Style, serif;\"><span style=\"font-size: medium;\">Ce spectacle est une ode po\u00e9tique \u00e0 la Terre, port\u00e9e par la rencontre sensible entre deux voix que tout oppose, mais qui s\u2019\u00e9coutent. Avec humour et \u00e9motion, il invite petits et grands \u00e0 r\u00e9fl\u00e9chir ensemble \u00e0 notre lien au vivant et \u00e0 l\u2019importance de pr\u00e9server ce qui nous entoure.<\/span><\/span><\/p><\/li><\/ul>\t\t\t\t\t\t<\/div>\n\t\t\t\t<\/div>\n\t\t\t\t<div class=\"elementor-element elementor-element-beb3d1f elementor-widget elementor-widget-text-editor\" data-id=\"beb3d1f\" data-element_type=\"widget\" data-widget_type=\"text-editor.default\">\n\t\t\t\t<div class=\"elementor-widget-container\">\n\t\t\t\t\t\t\t\t\t\t\t\t\t<\/div>\n\t\t\t\t<\/div>\n\t\t\t\t<div class=\"elementor-element elementor-element-bea1f4d elementor-align-center elementor-invisible elementor-widget elementor-widget-button\" data-id=\"bea1f4d\" data-element_type=\"widget\" data-settings=\"{&quot;_animation&quot;:&quot;fadeInDown&quot;}\" data-widget_type=\"button.default\">\n\t\t\t\t<div class=\"elementor-widget-container\">\n\t\t\t\t\t<div class=\"elementor-button-wrapper\">\n\t\t\t<a class=\"elementor-button elementor-button-link elementor-size-sm elementor-animation-sink\" href=\"http:\/\/eclair2lune.fr\/wp-content\/uploads\/2025\/12\/Dossier-de-presentation-LES-MURMURES-DE-LA-TERRE.pdf\">\n\t\t\t\t\t\t<span class=\"elementor-button-content-wrapper\">\n\t\t\t\t\t\t<span class=\"elementor-button-text\">Dossier de pr\u00e9sentation<\/span>\n\t\t<\/span>\n\t\t\t\t\t<\/a>\n\t\t<\/div>\n\t\t\t\t<\/div>\n\t\t\t\t<\/div>\n\t\t\t\t<div class=\"elementor-element elementor-element-45c29a17 elementor-align-center elementor-invisible elementor-widget elementor-widget-button\" data-id=\"45c29a17\" data-element_type=\"widget\" data-settings=\"{&quot;_animation&quot;:&quot;fadeInDown&quot;}\" data-widget_type=\"button.default\">\n\t\t\t\t<div class=\"elementor-widget-container\">\n\t\t\t\t\t<div class=\"elementor-button-wrapper\">\n\t\t\t<a class=\"elementor-button elementor-button-link elementor-size-sm elementor-animation-sink\" href=\"https:\/\/eclair2lune.fr\/index.php\/contact-us\/\">\n\t\t\t\t\t\t<span class=\"elementor-button-content-wrapper\">\n\t\t\t\t\t\t<span class=\"elementor-button-text\">nous contacter<\/span>\n\t\t<\/span>\n\t\t\t\t\t<\/a>\n\t\t<\/div>\n\t\t\t\t<\/div>\n\t\t\t\t<\/div>\n\t\t\t\t\t<\/div>\n\t\t<\/div>\n\t\t\t\t\t<\/div>\n\t\t<\/section>\n\t\t\t\t\t<\/div>\n\t\t<\/div>\n\t\t\t\t<div class=\"elementor-column elementor-col-50 elementor-top-column elementor-element elementor-element-5d6d9c7\" data-id=\"5d6d9c7\" data-element_type=\"column\" data-settings=\"{&quot;background_background&quot;:&quot;classic&quot;}\">\n\t\t\t<div class=\"elementor-widget-wrap elementor-element-populated\">\n\t\t\t\t\t\t<div class=\"elementor-element elementor-element-563eaa00 elementor-widget elementor-widget-spacer\" data-id=\"563eaa00\" data-element_type=\"widget\" data-widget_type=\"spacer.default\">\n\t\t\t\t<div class=\"elementor-widget-container\">\n\t\t\t<style>\/*! elementor - v3.19.0 - 07-02-2024 *\/\n.elementor-column .elementor-spacer-inner{height:var(--spacer-size)}.e-con{--container-widget-width:100%}.e-con-inner>.elementor-widget-spacer,.e-con>.elementor-widget-spacer{width:var(--container-widget-width,var(--spacer-size));--align-self:var(--container-widget-align-self,initial);--flex-shrink:0}.e-con-inner>.elementor-widget-spacer>.elementor-widget-container,.e-con>.elementor-widget-spacer>.elementor-widget-container{height:100%;width:100%}.e-con-inner>.elementor-widget-spacer>.elementor-widget-container>.elementor-spacer,.e-con>.elementor-widget-spacer>.elementor-widget-container>.elementor-spacer{height:100%}.e-con-inner>.elementor-widget-spacer>.elementor-widget-container>.elementor-spacer>.elementor-spacer-inner,.e-con>.elementor-widget-spacer>.elementor-widget-container>.elementor-spacer>.elementor-spacer-inner{height:var(--container-widget-height,var(--spacer-size))}.e-con-inner>.elementor-widget-spacer.elementor-widget-empty,.e-con>.elementor-widget-spacer.elementor-widget-empty{position:relative;min-height:22px;min-width:22px}.e-con-inner>.elementor-widget-spacer.elementor-widget-empty .elementor-widget-empty-icon,.e-con>.elementor-widget-spacer.elementor-widget-empty .elementor-widget-empty-icon{position:absolute;top:0;bottom:0;left:0;right:0;margin:auto;padding:0;width:22px;height:22px}<\/style>\t\t<div class=\"elementor-spacer\">\n\t\t\t<div class=\"elementor-spacer-inner\"><\/div>\n\t\t<\/div>\n\t\t\t\t<\/div>\n\t\t\t\t<\/div>\n\t\t\t\t\t<\/div>\n\t\t<\/div>\n\t\t\t\t\t<\/div>\n\t\t<\/section>\n\t\t\t\t<\/div>\n\t\t","protected":false},"excerpt":{"rendered":"<p>Les murmures de la Terre Fable Th\u00e9\u00e2trale et \u00e9cologique Spectacle jeune public \u00e0 partir de 5 ans 40 min Th\u00e8me L\u2019engagement \u00e9cologique \u2013 Transmettre, d\u00e8s le plus jeune \u00e2ge, une conscience environnementale. Les cultures autochtones \u2013 Une d\u00e9couverte po\u00e9tique de la sagesse des peuples premiers. L&#8217;\u00e9coute et le dialogue \u2013 La rencontre de deux voix, [&hellip;]<\/p>\n","protected":false},"author":2,"featured_media":0,"parent":0,"menu_order":0,"comment_status":"closed","ping_status":"closed","template":"elementor_header_footer","meta":{"footnotes":""},"class_list":["post-1591","page","type-page","status-publish","hentry","entry"],"yoast_head":"<!-- This site is optimized with the Yoast SEO plugin v22.0 - https:\/\/yoast.com\/wordpress\/plugins\/seo\/ -->\n<title>Les murmures de la Terre ( Jeune Public) - \u00c9clair de Lune<\/title>\n<meta name=\"robots\" content=\"index, follow, max-snippet:-1, max-image-preview:large, max-video-preview:-1\" \/>\n<link rel=\"canonical\" href=\"https:\/\/eclair2lune.fr\/index.php\/les-murmures-de-la-terre-jeune-public\/\" \/>\n<meta property=\"og:locale\" content=\"en_US\" \/>\n<meta property=\"og:type\" content=\"article\" \/>\n<meta property=\"og:title\" content=\"Les murmures de la Terre ( Jeune Public) - \u00c9clair de Lune\" \/>\n<meta property=\"og:description\" content=\"Les murmures de la Terre Fable Th\u00e9\u00e2trale et \u00e9cologique Spectacle jeune public \u00e0 partir de 5 ans 40 min Th\u00e8me L\u2019engagement \u00e9cologique \u2013 Transmettre, d\u00e8s le plus jeune \u00e2ge, une conscience environnementale. Les cultures autochtones \u2013 Une d\u00e9couverte po\u00e9tique de la sagesse des peuples premiers. L&#8217;\u00e9coute et le dialogue \u2013 La rencontre de deux voix, [&hellip;]\" \/>\n<meta property=\"og:url\" content=\"https:\/\/eclair2lune.fr\/index.php\/les-murmures-de-la-terre-jeune-public\/\" \/>\n<meta property=\"og:site_name\" content=\"\u00c9clair de Lune\" \/>\n<meta property=\"article:modified_time\" content=\"2025-12-02T11:40:33+00:00\" \/>\n<meta name=\"twitter:card\" content=\"summary_large_image\" \/>\n<meta name=\"twitter:label1\" content=\"Est. reading time\" \/>\n\t<meta name=\"twitter:data1\" content=\"1 minute\" \/>\n<script type=\"application\/ld+json\" class=\"yoast-schema-graph\">{\"@context\":\"https:\/\/schema.org\",\"@graph\":[{\"@type\":\"WebPage\",\"@id\":\"https:\/\/eclair2lune.fr\/index.php\/les-murmures-de-la-terre-jeune-public\/\",\"url\":\"https:\/\/eclair2lune.fr\/index.php\/les-murmures-de-la-terre-jeune-public\/\",\"name\":\"Les murmures de la Terre ( Jeune Public) - \u00c9clair de Lune\",\"isPartOf\":{\"@id\":\"https:\/\/eclair2lune.fr\/#website\"},\"datePublished\":\"2025-12-02T09:54:40+00:00\",\"dateModified\":\"2025-12-02T11:40:33+00:00\",\"breadcrumb\":{\"@id\":\"https:\/\/eclair2lune.fr\/index.php\/les-murmures-de-la-terre-jeune-public\/#breadcrumb\"},\"inLanguage\":\"en-US\",\"potentialAction\":[{\"@type\":\"ReadAction\",\"target\":[\"https:\/\/eclair2lune.fr\/index.php\/les-murmures-de-la-terre-jeune-public\/\"]}]},{\"@type\":\"BreadcrumbList\",\"@id\":\"https:\/\/eclair2lune.fr\/index.php\/les-murmures-de-la-terre-jeune-public\/#breadcrumb\",\"itemListElement\":[{\"@type\":\"ListItem\",\"position\":1,\"name\":\"Accueil\",\"item\":\"https:\/\/eclair2lune.fr\/\"},{\"@type\":\"ListItem\",\"position\":2,\"name\":\"Les murmures de la Terre ( Jeune Public)\"}]},{\"@type\":\"WebSite\",\"@id\":\"https:\/\/eclair2lune.fr\/#website\",\"url\":\"https:\/\/eclair2lune.fr\/\",\"name\":\"\u00c9clair de Lune\",\"description\":\"Association de Clown \u00e0 Toulouse\",\"publisher\":{\"@id\":\"https:\/\/eclair2lune.fr\/#organization\"},\"potentialAction\":[{\"@type\":\"SearchAction\",\"target\":{\"@type\":\"EntryPoint\",\"urlTemplate\":\"https:\/\/eclair2lune.fr\/?s={search_term_string}\"},\"query-input\":\"required name=search_term_string\"}],\"inLanguage\":\"en-US\"},{\"@type\":\"Organization\",\"@id\":\"https:\/\/eclair2lune.fr\/#organization\",\"name\":\"\u00c9clair de Lune\",\"url\":\"https:\/\/eclair2lune.fr\/\",\"logo\":{\"@type\":\"ImageObject\",\"inLanguage\":\"en-US\",\"@id\":\"https:\/\/eclair2lune.fr\/#\/schema\/logo\/image\/\",\"url\":\"https:\/\/eclair2lune.fr\/wp-content\/uploads\/2023\/12\/cropped-Logo_v5.png\",\"contentUrl\":\"https:\/\/eclair2lune.fr\/wp-content\/uploads\/2023\/12\/cropped-Logo_v5.png\",\"width\":1050,\"height\":289,\"caption\":\"\u00c9clair de Lune\"},\"image\":{\"@id\":\"https:\/\/eclair2lune.fr\/#\/schema\/logo\/image\/\"}}]}<\/script>\n<!-- \/ Yoast SEO plugin. -->","yoast_head_json":{"title":"Les murmures de la Terre ( Jeune Public) - \u00c9clair de Lune","robots":{"index":"index","follow":"follow","max-snippet":"max-snippet:-1","max-image-preview":"max-image-preview:large","max-video-preview":"max-video-preview:-1"},"canonical":"https:\/\/eclair2lune.fr\/index.php\/les-murmures-de-la-terre-jeune-public\/","og_locale":"en_US","og_type":"article","og_title":"Les murmures de la Terre ( Jeune Public) - \u00c9clair de Lune","og_description":"Les murmures de la Terre Fable Th\u00e9\u00e2trale et \u00e9cologique Spectacle jeune public \u00e0 partir de 5 ans 40 min Th\u00e8me L\u2019engagement \u00e9cologique \u2013 Transmettre, d\u00e8s le plus jeune \u00e2ge, une conscience environnementale. Les cultures autochtones \u2013 Une d\u00e9couverte po\u00e9tique de la sagesse des peuples premiers. L&#8217;\u00e9coute et le dialogue \u2013 La rencontre de deux voix, [&hellip;]","og_url":"https:\/\/eclair2lune.fr\/index.php\/les-murmures-de-la-terre-jeune-public\/","og_site_name":"\u00c9clair de Lune","article_modified_time":"2025-12-02T11:40:33+00:00","twitter_card":"summary_large_image","twitter_misc":{"Est. reading time":"1 minute"},"schema":{"@context":"https:\/\/schema.org","@graph":[{"@type":"WebPage","@id":"https:\/\/eclair2lune.fr\/index.php\/les-murmures-de-la-terre-jeune-public\/","url":"https:\/\/eclair2lune.fr\/index.php\/les-murmures-de-la-terre-jeune-public\/","name":"Les murmures de la Terre ( Jeune Public) - \u00c9clair de Lune","isPartOf":{"@id":"https:\/\/eclair2lune.fr\/#website"},"datePublished":"2025-12-02T09:54:40+00:00","dateModified":"2025-12-02T11:40:33+00:00","breadcrumb":{"@id":"https:\/\/eclair2lune.fr\/index.php\/les-murmures-de-la-terre-jeune-public\/#breadcrumb"},"inLanguage":"en-US","potentialAction":[{"@type":"ReadAction","target":["https:\/\/eclair2lune.fr\/index.php\/les-murmures-de-la-terre-jeune-public\/"]}]},{"@type":"BreadcrumbList","@id":"https:\/\/eclair2lune.fr\/index.php\/les-murmures-de-la-terre-jeune-public\/#breadcrumb","itemListElement":[{"@type":"ListItem","position":1,"name":"Accueil","item":"https:\/\/eclair2lune.fr\/"},{"@type":"ListItem","position":2,"name":"Les murmures de la Terre ( Jeune Public)"}]},{"@type":"WebSite","@id":"https:\/\/eclair2lune.fr\/#website","url":"https:\/\/eclair2lune.fr\/","name":"\u00c9clair de Lune","description":"Association de Clown \u00e0 Toulouse","publisher":{"@id":"https:\/\/eclair2lune.fr\/#organization"},"potentialAction":[{"@type":"SearchAction","target":{"@type":"EntryPoint","urlTemplate":"https:\/\/eclair2lune.fr\/?s={search_term_string}"},"query-input":"required name=search_term_string"}],"inLanguage":"en-US"},{"@type":"Organization","@id":"https:\/\/eclair2lune.fr\/#organization","name":"\u00c9clair de Lune","url":"https:\/\/eclair2lune.fr\/","logo":{"@type":"ImageObject","inLanguage":"en-US","@id":"https:\/\/eclair2lune.fr\/#\/schema\/logo\/image\/","url":"https:\/\/eclair2lune.fr\/wp-content\/uploads\/2023\/12\/cropped-Logo_v5.png","contentUrl":"https:\/\/eclair2lune.fr\/wp-content\/uploads\/2023\/12\/cropped-Logo_v5.png","width":1050,"height":289,"caption":"\u00c9clair de Lune"},"image":{"@id":"https:\/\/eclair2lune.fr\/#\/schema\/logo\/image\/"}}]}},"_links":{"self":[{"href":"https:\/\/eclair2lune.fr\/index.php\/wp-json\/wp\/v2\/pages\/1591","targetHints":{"allow":["GET"]}}],"collection":[{"href":"https:\/\/eclair2lune.fr\/index.php\/wp-json\/wp\/v2\/pages"}],"about":[{"href":"https:\/\/eclair2lune.fr\/index.php\/wp-json\/wp\/v2\/types\/page"}],"author":[{"embeddable":true,"href":"https:\/\/eclair2lune.fr\/index.php\/wp-json\/wp\/v2\/users\/2"}],"replies":[{"embeddable":true,"href":"https:\/\/eclair2lune.fr\/index.php\/wp-json\/wp\/v2\/comments?post=1591"}],"version-history":[{"count":37,"href":"https:\/\/eclair2lune.fr\/index.php\/wp-json\/wp\/v2\/pages\/1591\/revisions"}],"predecessor-version":[{"id":1719,"href":"https:\/\/eclair2lune.fr\/index.php\/wp-json\/wp\/v2\/pages\/1591\/revisions\/1719"}],"wp:attachment":[{"href":"https:\/\/eclair2lune.fr\/index.php\/wp-json\/wp\/v2\/media?parent=1591"}],"curies":[{"name":"wp","href":"https:\/\/api.w.org\/{rel}","templated":true}]}}